{"id":376,"date":"2022-02-16T15:11:13","date_gmt":"2022-02-16T14:11:13","guid":{"rendered":"http:\/\/test.kiwanis-em.de\/?page_id=376"},"modified":"2025-11-24T21:51:41","modified_gmt":"2025-11-24T20:51:41","slug":"mitglieder","status":"publish","type":"page","link":"https:\/\/www.kiwanis-em.de\/index.php\/mitglieder\/","title":{"rendered":"Mitglieder"},"content":{"rendered":"\n<figure class=\"wp-block-table aligncenter is-style-stripes\"><table><thead><tr><th>Vorstand 2024\/2025&nbsp;&nbsp;&nbsp;&nbsp;&nbsp;<\/th><th>&nbsp;&nbsp;&nbsp;&nbsp;&nbsp;&nbsp;&nbsp;&nbsp;&nbsp;&nbsp;&nbsp;&nbsp;&nbsp;&nbsp;&nbsp;&nbsp;&nbsp;&nbsp;&nbsp;&nbsp;&nbsp;&nbsp;&nbsp;&nbsp;&nbsp;&nbsp;&nbsp;&nbsp;&nbsp;&nbsp;&nbsp;&nbsp;&nbsp;&nbsp;&nbsp;&nbsp;&nbsp;&nbsp;&nbsp;&nbsp;&nbsp;&nbsp;&nbsp;&nbsp;&nbsp;&nbsp;&nbsp;&nbsp;&nbsp;&nbsp;&nbsp;&nbsp;&nbsp;&nbsp;&nbsp;&nbsp;&nbsp;&nbsp;&nbsp;&nbsp;&nbsp;&nbsp;&nbsp;&nbsp;&nbsp;&nbsp;&nbsp;&nbsp;&nbsp;&nbsp;&nbsp;&nbsp;<\/th><\/tr><\/thead><tbody><tr><td>President<\/td><td>Michael Schl\u00fcter<\/td><\/tr><tr><td>President elect<\/td><td>Peter Klein<\/td><\/tr><tr><td>Imm. Past President<\/td><td>Robert Vogels<\/td><\/tr><tr><td>Secretary<\/td><td>Patrik Schweiger<\/td><\/tr><tr><td>Treasurer<\/td><td>Herbstritt Markus<\/td><\/tr><tr><td>Revisor<\/td><td>Pascal Schmolck, Peter Bauer<\/td><\/tr><tr><td>Chairman Internet<\/td><td>Patrik Schweiger<\/td><\/tr><tr><td>Chairman growth<\/td><td>Andreas Cordier<\/td><\/tr><\/tbody><\/table><\/figure>\n\n\n\n<figure class=\"wp-block-table aligncenter is-style-stripes\"><table><thead><tr><th>Name<\/th><th>Vorname<\/th><th>Ort<\/th><th>Firma\/Beruf&nbsp;&nbsp;&nbsp;&nbsp;&nbsp;&nbsp;&nbsp;&nbsp;&nbsp;&nbsp;&nbsp;&nbsp;&nbsp;&nbsp;&nbsp;&nbsp;&nbsp;&nbsp;&nbsp;&nbsp;&nbsp;&nbsp;&nbsp;&nbsp;&nbsp;&nbsp;&nbsp;&nbsp;&nbsp;&nbsp;&nbsp;&nbsp;&nbsp;&nbsp;&nbsp;&nbsp;&nbsp;&nbsp;&nbsp;&nbsp;&nbsp;&nbsp;&nbsp;&nbsp;&nbsp;&nbsp;&nbsp;&nbsp;&nbsp;&nbsp;&nbsp;&nbsp;&nbsp;&nbsp;&nbsp;&nbsp;&nbsp;&nbsp;&nbsp;&nbsp;&nbsp;&nbsp;&nbsp;&nbsp;&nbsp;&nbsp;&nbsp;&nbsp;&nbsp;&nbsp;&nbsp;&nbsp;&nbsp;&nbsp;&nbsp;&nbsp;&nbsp;&nbsp;&nbsp;&nbsp;&nbsp;&nbsp;&nbsp;&nbsp;&nbsp;&nbsp;&nbsp;&nbsp;&nbsp;&nbsp;&nbsp;&nbsp;&nbsp;&nbsp;&nbsp;&nbsp;&nbsp;&nbsp;&nbsp;&nbsp;<\/th><\/tr><\/thead><tbody><tr><td>Bauer<\/td><td>Peter<\/td><td>Emmendingen<\/td><td>Versicherungsmakler<\/td><\/tr><tr><td>Cordier<\/td><td>Andreas<\/td><td>Teningen<\/td><td>Rechtsanwalt, Anwaltskanzlei A. Cordier &amp; Kollegen<\/td><\/tr><tr><td>Englert<\/td><td>Werner<\/td><td>Emmendingen<\/td><td>Musiker, musik.aktiv.academy<\/td><\/tr><tr><td>Fross<\/td><td>Karl-Heinz<\/td><td>Teningen<\/td><td>Unternehmer Beratung + Service<\/td><\/tr><tr><td>Haderthauer Dr.<\/td><td>Walter<\/td><td>Wasser<\/td><td>Zahnarzt a.D. <\/td><\/tr><tr><td>Herbstritt<\/td><td>Markus<\/td><td>Emmendingen<\/td><td>Gesch\u00e4ftsf\u00fchrer, Steuerberater Ruf &amp; Schlenker<\/td><\/tr><tr><td>Kaiser<\/td><td>Tim-Markus<\/td><td>Emmendingen<\/td><td>Gesch\u00e4ftsf\u00fchrer, maexware solutions GmbH<\/td><\/tr><tr><td>Klein<\/td><td>Peter<\/td><td>Teningen<\/td><td><\/td><\/tr><tr><td>Lorenz<\/td><td>Sebastian<\/td><td>Freiburg<\/td><td>Leitung Kreismedienzentrum Freiburg<\/td><\/tr><tr><td>Meyer Sieger Dr.<\/td><td>Jogi<\/td><td>Freiburg<\/td><td>Arzt f\u00fcr Orthop\u00e4die a.D.<\/td><\/tr><tr><td>Schl\u00fcter<\/td><td>Michael<\/td><td>Emmendingen<\/td><td><\/td><\/tr><tr><td>Schmolck<\/td><td>Pascal<\/td><td>Emmendingen<\/td><td>Gesch\u00e4ftsf\u00fchrer Schmolck GmbH &amp; Co. KG<\/td><\/tr><tr><td>Schweiger<\/td><td>Patrik<\/td><td>Freiamt<\/td><td>Dipl. Informatiker, backm.it Background Management<\/td><\/tr><tr><td>Schweizer<\/td><td>Erhard<\/td><td>Emmendingen<\/td><td><\/td><\/tr><tr><td>Thimm<\/td><td>Marcel<\/td><td>Emmendingen<\/td><td><\/td><\/tr><tr><td>Vogels<\/td><td>Robert<\/td><td>Endingen<\/td><td><\/td><\/tr><tr><td>Volpp<\/td><td>Friedrich<\/td><td>Denzlingen<\/td><td>Gesch\u00e4ftsf\u00fchrer, Volpp Immobilien<\/td><\/tr><tr><td>Wagner<\/td><td>Gerhard<\/td><td>Emmendingen<\/td><td><\/td><\/tr><tr><td>Wei\u00df<\/td><td>Hermann<\/td><td>Emmendingen<\/td><td>Schulleiter a.D.<\/td><\/tr><tr><td>Wei\u00dfhaar<\/td><td>Bernd<\/td><td>Emmendingen<\/td><td>Gesch\u00e4ftsf\u00fchrer, B&amp;HP Wei\u00dfhaar GmbH &#8211; Veranstaltungstechnik<\/td><\/tr><tr><td><\/td><td><\/td><td><\/td><td><\/td><\/tr><\/tbody><\/table><\/figure>\n\n\n\n<figure class=\"wp-block-table aligncenter is-style-stripes\"><table><tbody><tr><td><strong>In Erinnerung unserer Freunde und Kiwanis Mitglieder<\/strong>&nbsp;&nbsp;&nbsp;&nbsp;&nbsp;&nbsp;&nbsp;&nbsp;&nbsp;&nbsp;&nbsp;&nbsp;&nbsp;&nbsp;&nbsp;&nbsp;&nbsp;&nbsp;&nbsp;&nbsp;&nbsp;&nbsp;&nbsp;&nbsp;&nbsp;&nbsp;&nbsp;&nbsp;&nbsp;&nbsp;&nbsp;&nbsp;&nbsp;&nbsp;&nbsp;&nbsp;&nbsp;&nbsp;&nbsp;&nbsp;&nbsp;&nbsp;&nbsp;&nbsp;&nbsp;&nbsp;&nbsp;&nbsp;&nbsp;&nbsp;&nbsp;&nbsp;&nbsp;&nbsp;&nbsp;&nbsp;&nbsp;&nbsp;&nbsp;&nbsp;&nbsp;&nbsp;&nbsp;&nbsp;&nbsp;&nbsp;&nbsp;&nbsp;&nbsp;&nbsp;&nbsp;&nbsp;&nbsp;&nbsp;&nbsp;&nbsp;&nbsp;&nbsp;&nbsp;&nbsp;&nbsp;&nbsp;&nbsp;&nbsp;&nbsp;&nbsp;&nbsp;&nbsp;&nbsp;&nbsp;&nbsp;&nbsp;&nbsp;&nbsp;&nbsp;&nbsp;&nbsp;&nbsp;&nbsp;&nbsp;&nbsp;&nbsp;&nbsp;&nbsp;&nbsp;&nbsp;<\/td><\/tr><tr><td>J\u00fcrgen, Henninger&nbsp;&nbsp;&nbsp;&nbsp;Emmendingen&nbsp;&nbsp;&nbsp;&nbsp;&nbsp;&nbsp;&nbsp;&nbsp;\u2020&nbsp;05.08.2019<\/td><\/tr><tr><td>Dr. Harald, Prinz&nbsp;&nbsp;&nbsp;&nbsp;&nbsp;&nbsp;&nbsp;&nbsp;Herbolzheim&nbsp;&nbsp;&nbsp;&nbsp;&nbsp;&nbsp;&nbsp;&nbsp;&nbsp;&nbsp;&nbsp;\u2020&nbsp;11.12.2024<\/td><\/tr><\/tbody><\/table><\/figure>\n\n\n\n<p><\/p>\n","protected":false},"excerpt":{"rendered":"<p>Vorstand 2024\/2025&nbsp;&nbsp;&nbsp;&nbsp;&nbsp; &nbsp;&nbsp;&nbsp;&nbsp;&nbsp;&nbsp;&nbsp;&nbsp;&nbsp;&nbsp;&nbsp;&nbsp;&nbsp;&nbsp;&nbsp;&nbsp;&nbsp;&nbsp;&nbsp;&nbsp;&nbsp;&nbsp;&nbsp;&nbsp;&nbsp;&nbsp;&nbsp;&nbsp;&nbsp;&nbsp;&nbsp;&nbsp;&nbsp;&nbsp;&nbsp;&nbsp;&nbsp;&nbsp;&nbsp;&nbsp;&nbsp;&nbsp;&nbsp;&nbsp;&nbsp;&nbsp;&nbsp;&nbsp;&nbsp;&nbsp;&nbsp;&nbsp;&nbsp;&nbsp;&nbsp;&nbsp;&nbsp;&nbsp;&nbsp;&nbsp;&nbsp;&nbsp;&nbsp;&nbsp;&nbsp;&nbsp;&nbsp;&nbsp;&nbsp;&nbsp;&nbsp;&nbsp; President Michael Schl\u00fcter President elect Peter Klein Imm. Past President Robert Vogels Secretary Patrik Schweiger Treasurer Herbstritt Markus Revisor Pascal Schmolck, Peter&hellip;<\/p>\n","protected":false},"author":1,"featured_media":0,"parent":0,"menu_order":0,"comment_status":"closed","ping_status":"closed","template":"","meta":{"footnotes":""},"class_list":["post-376","page","type-page","status-publish","hentry"],"_links":{"self":[{"href":"https:\/\/www.kiwanis-em.de\/index.php\/wp-json\/wp\/v2\/pages\/376","targetHints":{"allow":["GET"]}}],"collection":[{"href":"https:\/\/www.kiwanis-em.de\/index.php\/wp-json\/wp\/v2\/pages"}],"about":[{"href":"https:\/\/www.kiwanis-em.de\/index.php\/wp-json\/wp\/v2\/types\/page"}],"author":[{"embeddable":true,"href":"https:\/\/www.kiwanis-em.de\/index.php\/wp-json\/wp\/v2\/users\/1"}],"replies":[{"embeddable":true,"href":"https:\/\/www.kiwanis-em.de\/index.php\/wp-json\/wp\/v2\/comments?post=376"}],"version-history":[{"count":18,"href":"https:\/\/www.kiwanis-em.de\/index.php\/wp-json\/wp\/v2\/pages\/376\/revisions"}],"predecessor-version":[{"id":2293,"href":"https:\/\/www.kiwanis-em.de\/index.php\/wp-json\/wp\/v2\/pages\/376\/revisions\/2293"}],"wp:attachment":[{"href":"https:\/\/www.kiwanis-em.de\/index.php\/wp-json\/wp\/v2\/media?parent=376"}],"curies":[{"name":"wp","href":"https:\/\/api.w.org\/{rel}","templated":true}]}}